{"id":1534,"date":"2023-09-15T09:38:00","date_gmt":"2023-09-15T09:38:00","guid":{"rendered":"https:\/\/www.unfoeprae.org\/unfoeprae\/onorificenze\/"},"modified":"2025-04-29T16:09:57","modified_gmt":"2025-04-29T16:09:57","slug":"onorificenze","status":"publish","type":"page","link":"https:\/\/www.unfoeprae.org\/fr\/unfoeprae\/onorificenze\/","title":{"rendered":"Distinctions honorifiques"},"content":{"rendered":"\n<div class=\"wp-block-columns is-layout-flex wp-container-core-columns-is-layout-9d6595d7 wp-block-columns-is-layout-flex\">\n<div class=\"wp-block-column is-layout-flow wp-block-column-is-layout-flow\" style=\"flex-basis:33.33%\">\n<h1 class=\"wp-block-heading\"><strong><strong>Distinctions honorifiques<\/strong><\/strong><\/h1>\n<\/div>\n\n\n\n<div class=\"wp-block-column is-layout-flow wp-block-column-is-layout-flow\" style=\"flex-basis:66.66%\">\n<p>Les distinctions pour le m\u00e9rite Un.Foe.Prae. sont la plus haute reconnaissance \u00e0 l&rsquo;\u00e9chelle mondiale dans le domaine de la cr\u00e8che de No\u00ebl. Elles sont d\u00e9cern\u00e9es par le Conseil international aux cr\u00e9ateurs de cr\u00e8ches de No\u00ebl et artistes pour leurs grands m\u00e9rites et remises officiellement par le Pr\u00e9sident et par le Conseil \u00e0 l&rsquo;occasion des Congr\u00e8s internationaux.<\/p>\n\n\n\n<figure class=\"wp-block-image size-full\"><img loading=\"lazy\" decoding=\"async\" width=\"960\" height=\"641\" src=\"https:\/\/www.unfoeprae.org\/wp-content\/uploads\/2023\/10\/P1270533.jpg\" alt=\"\" class=\"wp-image-1006\" srcset=\"https:\/\/www.unfoeprae.org\/wp-content\/uploads\/2023\/10\/P1270533.jpg 960w, https:\/\/www.unfoeprae.org\/wp-content\/uploads\/2023\/10\/P1270533-300x200.jpg 300w, https:\/\/www.unfoeprae.org\/wp-content\/uploads\/2023\/10\/P1270533-768x513.jpg 768w\" sizes=\"auto, (max-width: 960px) 100vw, 960px\" \/><\/figure>\n<\/div>\n<\/div>\n\n\n\n<div style=\"height:25px\" aria-hidden=\"true\" class=\"wp-block-spacer\"><\/div>\n\n\n\n<div class=\"wp-block-columns is-layout-flex wp-container-core-columns-is-layout-9d6595d7 wp-block-columns-is-layout-flex\">\n<div class=\"wp-block-column fancyul is-layout-flow wp-block-column-is-layout-flow\">\n<h3 class=\"wp-block-heading\">Sevilla 2023<\/h3>\n\n\n\n<ul class=\"wp-block-list\">\n<li>Montserrat Ribes (ES)<\/li>\n\n\n\n<li>G\u00fcnther Hopfgartner (AT)<\/li>\n\n\n\n<li>Michel Vincent (BE)<\/li>\n\n\n\n<li>Franz Grieshofer (AT)<\/li>\n\n\n\n<li>Antonio Diaz e Ana Caballero (ES)<\/li>\n<\/ul>\n<\/div>\n\n\n\n<div class=\"wp-block-column fancyul is-layout-flow wp-block-column-is-layout-flow\">\n<h3 class=\"wp-block-heading\"><\/h3>\n\n\n\n<p><\/p>\n<\/div>\n<\/div>\n\n\n\n<div class=\"wp-block-columns is-layout-flex wp-container-core-columns-is-layout-9d6595d7 wp-block-columns-is-layout-flex\">\n<div class=\"wp-block-column fancyul is-layout-flow wp-block-column-is-layout-flow\">\n<h3 class=\"wp-block-heading\">Aachen 2020<\/h3>\n\n\n\n<ul class=\"wp-block-list\">\n<li>Agusti T\u00e9rmens i Molins (ES)<\/li>\n\n\n\n<li>Antonio Pigozzi (IT)<\/li>\n\n\n\n<li>Josef Br\u00fclisauer (CH)<\/li>\n\n\n\n<li>Guido Scharrer (DE)<\/li>\n\n\n\n<li>Silvie Duskov\u00e1 (CZ)<\/li>\n\n\n\n<li>Spezialehrung Papst Franziskus (VAT)<br>f\u00fcr den Apostolischen Brief \u00ab\u00a0Admirabile signum\u00a0\u00bb<\/li>\n<\/ul>\n<\/div>\n\n\n\n<div class=\"wp-block-column fancyul is-layout-flow wp-block-column-is-layout-flow\">\n<h3 class=\"wp-block-heading\">Bergamo 2016<\/h3>\n\n\n\n<ul class=\"wp-block-list\">\n<li>Pier Luigi Bombelli (IT)<\/li>\n\n\n\n<li>Peter und Ida Diemer \u2013 van der Lugt (NL)<\/li>\n\n\n\n<li>Josep Porta i Saburit (ES)<\/li>\n\n\n\n<li>Hugo Lins (FL)<\/li>\n\n\n\n<li>Jone Cezar de Araujo und die Krippe von Florian\u00f3polis (BR)<\/li>\n<\/ul>\n<\/div>\n<\/div>\n\n\n\n<div class=\"wp-block-columns is-layout-flex wp-container-core-columns-is-layout-9d6595d7 wp-block-columns-is-layout-flex\">\n<div class=\"wp-block-column fancyul is-layout-flow wp-block-column-is-layout-flow\">\n<h3 class=\"wp-block-heading\">Innsbruck 2012<\/h3>\n\n\n\n<ul class=\"wp-block-list\">\n<li>Ignacio Carbonell i Gomis (ES)<\/li>\n\n\n\n<li>Hans Peter Kempen (DE)<\/li>\n\n\n\n<li>Klaus Porten (DE)<\/li>\n\n\n\n<li>Leos Prysinger (CZ)<\/li>\n\n\n\n<li>Hannelore Resinger (AT)<\/li>\n<\/ul>\n\n\n\n<p>Premio Speciale: Ettore Formosa (IT)<\/p>\n<\/div>\n\n\n\n<div class=\"wp-block-column fancyul is-layout-flow wp-block-column-is-layout-flow\">\n<h3 class=\"wp-block-heading\">Augsburg 2008<\/h3>\n\n\n\n<ul class=\"wp-block-list\">\n<li>Rupert Beran (AT)<\/li>\n\n\n\n<li>Rita Bocher (US)<\/li>\n\n\n\n<li>Antonio Casulleres i Cisa, (ES)<\/li>\n\n\n\n<li>Joan Castells i Badia + Marti Castells i Badida (ES)<\/li>\n\n\n\n<li>Sieglinde und Udo Hergesell (BE)<\/li>\n\n\n\n<li>Jos\u00e9 Luis Mayo Lebrija (ES)<\/li>\n\n\n\n<li>Reverend Johann G. Roten, SM,&nbsp; (US)<\/li>\n<\/ul>\n<\/div>\n<\/div>\n\n\n\n<div class=\"wp-block-columns is-layout-flex wp-container-core-columns-is-layout-9d6595d7 wp-block-columns-is-layout-flex\">\n<div class=\"wp-block-column fancyul is-layout-flow wp-block-column-is-layout-flow\">\n<h3 class=\"wp-block-heading\">Hradec Kralove 2004<\/h3>\n\n\n\n<ul class=\"wp-block-list\">\n<li>Peter Riolini (DE)<\/li>\n\n\n\n<li>Joan Mestres y Baixas (ES)<\/li>\n\n\n\n<li>+ Jordi Pi i Vila (in menoria) (ES)<\/li>\n\n\n\n<li>Karl Heinz Exner (DE)<\/li>\n\n\n\n<li>Mario Mattia (IT)<\/li>\n\n\n\n<li>Julia E. Limpke (DE)<\/li>\n\n\n\n<li>Pfarrer Werner Seifert (AT)<\/li>\n\n\n\n<li>Josef Hagen (AT)<\/li>\n<\/ul>\n\n\n\n<p>Premio Speciale: Josep Maria Garrut (ES)<\/p>\n<\/div>\n\n\n\n<div class=\"wp-block-column fancyul is-layout-flow wp-block-column-is-layout-flow\">\n<h3 class=\"wp-block-heading\">Pamplona 2000<\/h3>\n\n\n\n<ul class=\"wp-block-list\">\n<li>Johann Dendorfer (DE)<\/li>\n\n\n\n<li>Alberto Finizio (IT)<\/li>\n\n\n\n<li>Fra Gilberto Galceran (ES)<\/li>\n\n\n\n<li>Josef Hammer (AT)<\/li>\n\n\n\n<li>Adolf Rehm (DE)<\/li>\n\n\n\n<li>Vladimir Vaclick (CZ)<\/li>\n\n\n\n<li>Elisabeth van Mullecom (AU)<\/li>\n\n\n\n<li>Juan Giner Pastor (ES)<\/li>\n<\/ul>\n<\/div>\n<\/div>\n\n\n\n<div class=\"wp-block-columns is-layout-flex wp-container-core-columns-is-layout-9d6595d7 wp-block-columns-is-layout-flex\">\n<div class=\"wp-block-column fancyul is-layout-flow wp-block-column-is-layout-flow\">\n<h3 class=\"wp-block-heading\">K\u00f6ln 1996<\/h3>\n\n\n\n<ul class=\"wp-block-list\">\n<li>Dieter Assmann (AT)<\/li>\n\n\n\n<li>Karl Oberthanner (AT)<\/li>\n\n\n\n<li>Micheline Guida (FR)<\/li>\n\n\n\n<li>Josep Bofill (ES)<\/li>\n\n\n\n<li>Rudolf Knapstein (DE)<\/li>\n<\/ul>\n<\/div>\n\n\n\n<div class=\"wp-block-column fancyul is-layout-flow wp-block-column-is-layout-flow\">\n<h3 class=\"wp-block-heading\">Madrid 1992<\/h3>\n\n\n\n<ul class=\"wp-block-list\">\n<li>Ferdinand K\u00e4tzler&nbsp; (AT)<\/li>\n\n\n\n<li>Peter Brandst\u00e4tter (AT)<\/li>\n\n\n\n<li>Heinrich H\u00e4usler (DE)<\/li>\n\n\n\n<li>P. Fray Antonio Pereira Da Silva (PT)<\/li>\n\n\n\n<li>Vito Erriquez (IT)<\/li>\n\n\n\n<li>Fratel Georges Bellino (FR)<\/li>\n\n\n\n<li>Mons. Nicholas Joseph Cauchi (MT)<\/li>\n\n\n\n<li>Regione de Murcia (ES)<\/li>\n\n\n\n<li>Caja Guipuzcoa San Sebastian (ES)<\/li>\n\n\n\n<li>+ Fernando Cruz Avalo (in memoria) (ES)<\/li>\n<\/ul>\n<\/div>\n<\/div>\n\n\n\n<div class=\"wp-block-columns is-layout-flex wp-container-core-columns-is-layout-9d6595d7 wp-block-columns-is-layout-flex\">\n<div class=\"wp-block-column fancyul is-layout-flow wp-block-column-is-layout-flow\">\n<h3 class=\"wp-block-heading\">Genua-Rapallo 1988<\/h3>\n\n\n\n<ul class=\"wp-block-list\">\n<li>Mons. Franz Brauman (AT)<\/li>\n\n\n\n<li>Suor Anita Derungs (CH)<\/li>\n\n\n\n<li>Alfred Fr\u00f6hlich (AT)<\/li>\n\n\n\n<li>Claudio Mattei (IT)<\/li>\n\n\n\n<li>Giorgio Passeggieri (IT)<\/li>\n\n\n\n<li>Don Juan Perez Cuadrado (ES)<\/li>\n\n\n\n<li>Paul Pontet (FR)<\/li>\n\n\n\n<li>Heinz Ritter (FL)<\/li>\n\n\n\n<li>Contessa Maria von Staufer (UK)<\/li>\n\n\n\n<li>Luise Wagner (AT)<\/li>\n\n\n\n<li>Karl-Heinz Zenger (DE)<\/li>\n<\/ul>\n<\/div>\n\n\n\n<div class=\"wp-block-column fancyul is-layout-flow wp-block-column-is-layout-flow\">\n<h3 class=\"wp-block-heading\">Innsbruck 1985<\/h3>\n\n\n\n<ul class=\"wp-block-list\">\n<li>Anton Burge (CH)<\/li>\n\n\n\n<li>Juan Costa Simon (ES)<\/li>\n\n\n\n<li>Mario Di Carlo (IT)<\/li>\n\n\n\n<li>Henriette Doue (FR)<\/li>\n\n\n\n<li>Adolto Fabbri (BR)<\/li>\n\n\n\n<li>Jose Galan des Francisco (ES)<\/li>\n\n\n\n<li>+ Giulio Gravina &#8211; in memoriam (IT)<\/li>\n\n\n\n<li>Padre Corrado Lechner (IT)<\/li>\n\n\n\n<li>Erich Lidel (DE)<\/li>\n\n\n\n<li>Karl Pfeifer (AT)<\/li>\n\n\n\n<li>Hans Wistenberger (AT)<\/li>\n<\/ul>\n<\/div>\n<\/div>\n\n\n\n<div class=\"wp-block-columns is-layout-flex wp-container-core-columns-is-layout-9d6595d7 wp-block-columns-is-layout-flex\">\n<div class=\"wp-block-column fancyul is-layout-flow wp-block-column-is-layout-flow\">\n<h3 class=\"wp-block-heading\">Nizza 1982<\/h3>\n\n\n\n<ul class=\"wp-block-list\">\n<li>Ferdinand Ammanniti (IT)<\/li>\n\n\n\n<li>Jose Civit i Giraut (ES)<\/li>\n\n\n\n<li>Domenico Cassese (IT)<\/li>\n\n\n\n<li>Maria Divisek (AT)<\/li>\n\n\n\n<li>Jakob Gerner (DE)<\/li>\n\n\n\n<li>Elisabeth Houtzager (NL)<\/li>\n\n\n\n<li>Konda Nkusu Zinkata (CGO)<\/li>\n\n\n\n<li>Riccardo Pesarini (IT)<\/li>\n\n\n\n<li>Francisco Ramon Auitis (ES)<\/li>\n\n\n\n<li>Arquimides Roman (VE)<\/li>\n\n\n\n<li>Ruy Serrano Nunes Sequeira (PT)<\/li>\n\n\n\n<li>Flory Walser (Madame) (FR)<\/li>\n<\/ul>\n<\/div>\n\n\n\n<div class=\"wp-block-column fancyul is-layout-flow wp-block-column-is-layout-flow\">\n<h3 class=\"wp-block-heading\">N\u00fcrnberg 1979<\/h3>\n\n\n\n<ul class=\"wp-block-list\">\n<li>Jacinto Costa (ES)<\/li>\n\n\n\n<li>Ned Doue (FR)<\/li>\n\n\n\n<li>Paul Flatz (AT)<\/li>\n\n\n\n<li>Louis Polla (CH)<\/li>\n\n\n\n<li>Roberto Tagliati (IT)<\/li>\n<\/ul>\n<\/div>\n<\/div>\n\n\n\n<div class=\"wp-block-columns is-layout-flex wp-container-core-columns-is-layout-9d6595d7 wp-block-columns-is-layout-flex\">\n<div class=\"wp-block-column fancyul is-layout-flow wp-block-column-is-layout-flow\">\n<h3 class=\"wp-block-heading\">San Sebastian 1976<\/h3>\n\n\n\n<ul class=\"wp-block-list\">\n<li>Hans Buhl (DE)<\/li>\n\n\n\n<li>Georg Dreschke (AT)<\/li>\n\n\n\n<li>Mario Dubuc Araujo (VE)<\/li>\n\n\n\n<li>l.orenzo Farre Dorninqo (ES)<\/li>\n\n\n\n<li>Hannes Hundegger (AT)<\/li>\n\n\n\n<li>Franz Kroos (DE)<\/li>\n\n\n\n<li>Giacomo Piazzoli (IT)<\/li>\n<\/ul>\n<\/div>\n\n\n\n<div class=\"wp-block-column fancyul is-layout-flow wp-block-column-is-layout-flow\">\n<h3 class=\"wp-block-heading\">Innsbruck 1974<\/h3>\n\n\n\n<ul class=\"wp-block-list\">\n<li>Guido Colitti (IT)<\/li>\n\n\n\n<li>Jesus Garcia Alario (ES)<\/li>\n\n\n\n<li>Juan Mari Oliva (ES)<\/li>\n\n\n\n<li>Viktor Plesser (DE)<\/li>\n\n\n\n<li>Wilhelm Will (DE)<\/li>\n<\/ul>\n<\/div>\n<\/div>\n\n\n\n<div class=\"wp-block-columns is-layout-flex wp-container-core-columns-is-layout-9d6595d7 wp-block-columns-is-layout-flex\">\n<div class=\"wp-block-column fancyul is-layout-flow wp-block-column-is-layout-flow\">\n<h3 class=\"wp-block-heading\">Neapel 1970<\/h3>\n\n\n\n<ul class=\"wp-block-list\">\n<li>Paul Engelmeier (DE)<\/li>\n\n\n\n<li>Alfred Karasek Langer (DE)<\/li>\n\n\n\n<li>Kristina Valsikova&rsquo;m (CZ)<\/li>\n\n\n\n<li>Antonio Vila Beltran (ES)<\/li>\n<\/ul>\n<\/div>\n\n\n\n<div class=\"wp-block-column fancyul is-layout-flow wp-block-column-is-layout-flow\">\n<h3 class=\"wp-block-heading\">Madrid 1967<\/h3>\n\n\n\n<ul class=\"wp-block-list\">\n<li>Ratael Jijena (AR)<\/li>\n\n\n\n<li>Remigio Ledesma (ES)<\/li>\n\n\n\n<li>Norbert Mantl (AT)<\/li>\n\n\n\n<li>Hugo R\u00f6mer (DE)<\/li>\n\n\n\n<li>Beniamino Zanon (IT)<\/li>\n<\/ul>\n<\/div>\n<\/div>\n\n\n\n<div class=\"wp-block-columns is-layout-flex wp-container-core-columns-is-layout-9d6595d7 wp-block-columns-is-layout-flex\">\n<div class=\"wp-block-column fancyul is-layout-flow wp-block-column-is-layout-flow\">\n<h3 class=\"wp-block-heading\">Salzburg 1964<\/h3>\n\n\n\n<ul class=\"wp-block-list\">\n<li>Jose Maria Garrut i Roma (ES)<\/li>\n\n\n\n<li>Heinz Huber (AT)<\/li>\n\n\n\n<li>Gertrud Weinhold (DE)<\/li>\n<\/ul>\n<\/div>\n\n\n\n<div class=\"wp-block-column fancyul is-layout-flow wp-block-column-is-layout-flow\">\n<h3 class=\"wp-block-heading\">M\u00fcnchen 1961<\/h3>\n\n\n\n<ul class=\"wp-block-list\">\n<li>Marcel Carbonel (FR)<\/li>\n\n\n\n<li>Nesta de Robeck (UK)<\/li>\n\n\n\n<li>Wilhelm D\u00f6derlein (DE)<\/li>\n\n\n\n<li>Rudolf Hertinger (DE)<\/li>\n<\/ul>\n<\/div>\n<\/div>\n\n\n\n<div class=\"wp-block-columns is-layout-flex wp-container-core-columns-is-layout-9d6595d7 wp-block-columns-is-layout-flex\">\n<div class=\"wp-block-column fancyul is-layout-flow wp-block-column-is-layout-flow\">\n<h3 class=\"wp-block-heading\">Barcelona 1957<\/h3>\n\n\n\n<ul class=\"wp-block-list\">\n<li>Rudolf Berliner (DE)<\/li>\n\n\n\n<li>Anton Moline Sibil (ES)<\/li>\n\n\n\n<li>Angelo Stefanucci (IT)<\/li>\n<\/ul>\n<\/div>\n\n\n\n<div class=\"wp-block-column is-layout-flow wp-block-column-is-layout-flow\"><\/div>\n<\/div>\n","protected":false},"excerpt":{"rendered":"<p>Distinctions honorifiques Les distinctions pour le m\u00e9rite Un.Foe.Prae. sont la plus haute reconnaissance \u00e0 l&rsquo;\u00e9chelle mondiale dans le domaine de la cr\u00e8che de No\u00ebl. Elles sont d\u00e9cern\u00e9es par le Conseil international aux cr\u00e9ateurs de cr\u00e8ches de No\u00ebl et artistes pour leurs grands m\u00e9rites et remises officiellement par le Pr\u00e9sident et par le Conseil \u00e0 l&rsquo;occasion [&hellip;]<\/p>\n","protected":false},"author":1,"featured_media":0,"parent":1530,"menu_order":0,"comment_status":"closed","ping_status":"closed","template":"","meta":{"_acf_changed":false,"footnotes":""},"class_list":["post-1534","page","type-page","status-publish","hentry"],"acf":[],"yoast_head":"<!-- This site is optimized with the Yoast SEO plugin v27.2 - https:\/\/yoast.com\/product\/yoast-seo-wordpress\/ -->\n<title>Distinctions honorifiques - Universalis Foederatio Presepistica<\/title>\n<meta name=\"robots\" content=\"index, follow, max-snippet:-1, max-image-preview:large, max-video-preview:-1\" \/>\n<link rel=\"canonical\" href=\"https:\/\/www.unfoeprae.org\/fr\/unfoeprae\/onorificenze\/\" \/>\n<meta property=\"og:locale\" content=\"fr_FR\" \/>\n<meta property=\"og:type\" content=\"article\" \/>\n<meta property=\"og:title\" content=\"Distinctions honorifiques - Universalis Foederatio Presepistica\" \/>\n<meta property=\"og:description\" content=\"Distinctions honorifiques Les distinctions pour le m\u00e9rite Un.Foe.Prae. sont la plus haute reconnaissance \u00e0 l&rsquo;\u00e9chelle mondiale dans le domaine de la cr\u00e8che de No\u00ebl. Elles sont d\u00e9cern\u00e9es par le Conseil international aux cr\u00e9ateurs de cr\u00e8ches de No\u00ebl et artistes pour leurs grands m\u00e9rites et remises officiellement par le Pr\u00e9sident et par le Conseil \u00e0 l&rsquo;occasion [&hellip;]\" \/>\n<meta property=\"og:url\" content=\"https:\/\/www.unfoeprae.org\/fr\/unfoeprae\/onorificenze\/\" \/>\n<meta property=\"og:site_name\" content=\"Universalis Foederatio Presepistica\" \/>\n<meta property=\"article:modified_time\" content=\"2025-04-29T16:09:57+00:00\" \/>\n<meta property=\"og:image\" content=\"https:\/\/www.unfoeprae.org\/wp-content\/uploads\/2023\/10\/P1270533.jpg\" \/>\n\t<meta property=\"og:image:width\" content=\"960\" \/>\n\t<meta property=\"og:image:height\" content=\"641\" \/>\n\t<meta property=\"og:image:type\" content=\"image\/jpeg\" \/>\n<meta name=\"twitter:card\" content=\"summary_large_image\" \/>\n<meta name=\"twitter:label1\" content=\"Dur\u00e9e de lecture estim\u00e9e\" \/>\n\t<meta name=\"twitter:data1\" content=\"4 minutes\" \/>\n<script type=\"application\/ld+json\" class=\"yoast-schema-graph\">{\"@context\":\"https:\/\/schema.org\",\"@graph\":[{\"@type\":\"WebPage\",\"@id\":\"https:\/\/www.unfoeprae.org\/fr\/unfoeprae\/onorificenze\/\",\"url\":\"https:\/\/www.unfoeprae.org\/fr\/unfoeprae\/onorificenze\/\",\"name\":\"Distinctions honorifiques - Universalis Foederatio Presepistica\",\"isPartOf\":{\"@id\":\"https:\/\/www.unfoeprae.org\/fr\/#website\"},\"primaryImageOfPage\":{\"@id\":\"https:\/\/www.unfoeprae.org\/fr\/unfoeprae\/onorificenze\/#primaryimage\"},\"image\":{\"@id\":\"https:\/\/www.unfoeprae.org\/fr\/unfoeprae\/onorificenze\/#primaryimage\"},\"thumbnailUrl\":\"https:\/\/www.unfoeprae.org\/wp-content\/uploads\/2023\/10\/P1270533.jpg\",\"datePublished\":\"2023-09-15T09:38:00+00:00\",\"dateModified\":\"2025-04-29T16:09:57+00:00\",\"breadcrumb\":{\"@id\":\"https:\/\/www.unfoeprae.org\/fr\/unfoeprae\/onorificenze\/#breadcrumb\"},\"inLanguage\":\"fr-FR\",\"potentialAction\":[{\"@type\":\"ReadAction\",\"target\":[\"https:\/\/www.unfoeprae.org\/fr\/unfoeprae\/onorificenze\/\"]}]},{\"@type\":\"ImageObject\",\"inLanguage\":\"fr-FR\",\"@id\":\"https:\/\/www.unfoeprae.org\/fr\/unfoeprae\/onorificenze\/#primaryimage\",\"url\":\"https:\/\/www.unfoeprae.org\/wp-content\/uploads\/2023\/10\/P1270533.jpg\",\"contentUrl\":\"https:\/\/www.unfoeprae.org\/wp-content\/uploads\/2023\/10\/P1270533.jpg\"},{\"@type\":\"BreadcrumbList\",\"@id\":\"https:\/\/www.unfoeprae.org\/fr\/unfoeprae\/onorificenze\/#breadcrumb\",\"itemListElement\":[{\"@type\":\"ListItem\",\"position\":1,\"name\":\"Home\",\"item\":\"https:\/\/www.unfoeprae.org\/fr\/\"},{\"@type\":\"ListItem\",\"position\":2,\"name\":\"F\u00e9d\u00e9ration Internationale Des Amis de la Cr\u00e8che De No\u00ebl\",\"item\":\"https:\/\/www.unfoeprae.org\/fr\/unfoeprae\/\"},{\"@type\":\"ListItem\",\"position\":3,\"name\":\"Distinctions honorifiques\"}]},{\"@type\":\"WebSite\",\"@id\":\"https:\/\/www.unfoeprae.org\/fr\/#website\",\"url\":\"https:\/\/www.unfoeprae.org\/fr\/\",\"name\":\"Universalis Foederatio Presepistica\",\"description\":\"Preservare, coltivare, sostenere, far rivivere e promuovere la diversit\u00e0 culturale e artistica della tradizione di Presepi nei vari paesi del mondo.\",\"potentialAction\":[{\"@type\":\"SearchAction\",\"target\":{\"@type\":\"EntryPoint\",\"urlTemplate\":\"https:\/\/www.unfoeprae.org\/fr\/?s={search_term_string}\"},\"query-input\":{\"@type\":\"PropertyValueSpecification\",\"valueRequired\":true,\"valueName\":\"search_term_string\"}}],\"inLanguage\":\"fr-FR\"}]}<\/script>\n<!-- \/ Yoast SEO plugin. -->","yoast_head_json":{"title":"Distinctions honorifiques - Universalis Foederatio Presepistica","robots":{"index":"index","follow":"follow","max-snippet":"max-snippet:-1","max-image-preview":"max-image-preview:large","max-video-preview":"max-video-preview:-1"},"canonical":"https:\/\/www.unfoeprae.org\/fr\/unfoeprae\/onorificenze\/","og_locale":"fr_FR","og_type":"article","og_title":"Distinctions honorifiques - Universalis Foederatio Presepistica","og_description":"Distinctions honorifiques Les distinctions pour le m\u00e9rite Un.Foe.Prae. sont la plus haute reconnaissance \u00e0 l&rsquo;\u00e9chelle mondiale dans le domaine de la cr\u00e8che de No\u00ebl. Elles sont d\u00e9cern\u00e9es par le Conseil international aux cr\u00e9ateurs de cr\u00e8ches de No\u00ebl et artistes pour leurs grands m\u00e9rites et remises officiellement par le Pr\u00e9sident et par le Conseil \u00e0 l&rsquo;occasion [&hellip;]","og_url":"https:\/\/www.unfoeprae.org\/fr\/unfoeprae\/onorificenze\/","og_site_name":"Universalis Foederatio Presepistica","article_modified_time":"2025-04-29T16:09:57+00:00","og_image":[{"width":960,"height":641,"url":"https:\/\/www.unfoeprae.org\/wp-content\/uploads\/2023\/10\/P1270533.jpg","type":"image\/jpeg"}],"twitter_card":"summary_large_image","twitter_misc":{"Dur\u00e9e de lecture estim\u00e9e":"4 minutes"},"schema":{"@context":"https:\/\/schema.org","@graph":[{"@type":"WebPage","@id":"https:\/\/www.unfoeprae.org\/fr\/unfoeprae\/onorificenze\/","url":"https:\/\/www.unfoeprae.org\/fr\/unfoeprae\/onorificenze\/","name":"Distinctions honorifiques - Universalis Foederatio Presepistica","isPartOf":{"@id":"https:\/\/www.unfoeprae.org\/fr\/#website"},"primaryImageOfPage":{"@id":"https:\/\/www.unfoeprae.org\/fr\/unfoeprae\/onorificenze\/#primaryimage"},"image":{"@id":"https:\/\/www.unfoeprae.org\/fr\/unfoeprae\/onorificenze\/#primaryimage"},"thumbnailUrl":"https:\/\/www.unfoeprae.org\/wp-content\/uploads\/2023\/10\/P1270533.jpg","datePublished":"2023-09-15T09:38:00+00:00","dateModified":"2025-04-29T16:09:57+00:00","breadcrumb":{"@id":"https:\/\/www.unfoeprae.org\/fr\/unfoeprae\/onorificenze\/#breadcrumb"},"inLanguage":"fr-FR","potentialAction":[{"@type":"ReadAction","target":["https:\/\/www.unfoeprae.org\/fr\/unfoeprae\/onorificenze\/"]}]},{"@type":"ImageObject","inLanguage":"fr-FR","@id":"https:\/\/www.unfoeprae.org\/fr\/unfoeprae\/onorificenze\/#primaryimage","url":"https:\/\/www.unfoeprae.org\/wp-content\/uploads\/2023\/10\/P1270533.jpg","contentUrl":"https:\/\/www.unfoeprae.org\/wp-content\/uploads\/2023\/10\/P1270533.jpg"},{"@type":"BreadcrumbList","@id":"https:\/\/www.unfoeprae.org\/fr\/unfoeprae\/onorificenze\/#breadcrumb","itemListElement":[{"@type":"ListItem","position":1,"name":"Home","item":"https:\/\/www.unfoeprae.org\/fr\/"},{"@type":"ListItem","position":2,"name":"F\u00e9d\u00e9ration Internationale Des Amis de la Cr\u00e8che De No\u00ebl","item":"https:\/\/www.unfoeprae.org\/fr\/unfoeprae\/"},{"@type":"ListItem","position":3,"name":"Distinctions honorifiques"}]},{"@type":"WebSite","@id":"https:\/\/www.unfoeprae.org\/fr\/#website","url":"https:\/\/www.unfoeprae.org\/fr\/","name":"Universalis Foederatio Presepistica","description":"Preservare, coltivare, sostenere, far rivivere e promuovere la diversit\u00e0 culturale e artistica della tradizione di Presepi nei vari paesi del mondo.","potentialAction":[{"@type":"SearchAction","target":{"@type":"EntryPoint","urlTemplate":"https:\/\/www.unfoeprae.org\/fr\/?s={search_term_string}"},"query-input":{"@type":"PropertyValueSpecification","valueRequired":true,"valueName":"search_term_string"}}],"inLanguage":"fr-FR"}]}},"_links":{"self":[{"href":"https:\/\/www.unfoeprae.org\/fr\/wp-json\/wp\/v2\/pages\/1534","targetHints":{"allow":["GET"]}}],"collection":[{"href":"https:\/\/www.unfoeprae.org\/fr\/wp-json\/wp\/v2\/pages"}],"about":[{"href":"https:\/\/www.unfoeprae.org\/fr\/wp-json\/wp\/v2\/types\/page"}],"author":[{"embeddable":true,"href":"https:\/\/www.unfoeprae.org\/fr\/wp-json\/wp\/v2\/users\/1"}],"replies":[{"embeddable":true,"href":"https:\/\/www.unfoeprae.org\/fr\/wp-json\/wp\/v2\/comments?post=1534"}],"version-history":[{"count":4,"href":"https:\/\/www.unfoeprae.org\/fr\/wp-json\/wp\/v2\/pages\/1534\/revisions"}],"predecessor-version":[{"id":4620,"href":"https:\/\/www.unfoeprae.org\/fr\/wp-json\/wp\/v2\/pages\/1534\/revisions\/4620"}],"up":[{"embeddable":true,"href":"https:\/\/www.unfoeprae.org\/fr\/wp-json\/wp\/v2\/pages\/1530"}],"wp:attachment":[{"href":"https:\/\/www.unfoeprae.org\/fr\/wp-json\/wp\/v2\/media?parent=1534"}],"curies":[{"name":"wp","href":"https:\/\/api.w.org\/{rel}","templated":true}]}}