{"id":1536,"date":"2023-09-14T12:27:51","date_gmt":"2023-09-14T12:27:51","guid":{"rendered":"https:\/\/www.unfoeprae.org\/unfoeprae\/congressi-internazionali\/"},"modified":"2023-10-26T14:55:05","modified_gmt":"2023-10-26T14:55:05","slug":"congressi-internazionali","status":"publish","type":"page","link":"https:\/\/www.unfoeprae.org\/fr\/unfoeprae\/congressi-internazionali\/","title":{"rendered":"Congr\u00e8s internationaux"},"content":{"rendered":"\n<p>Depuis la premi\u00e8re \u00e9dition qui s&rsquo;est tenue en 1952 \u00e0 Barcelone, le Congr\u00e8s est le rendez-vous principal et le plus important d&rsquo;envergure mondiale pour les associations, les f\u00e9d\u00e9rations, les amis et les passionn\u00e9s de cr\u00e8ches de No\u00ebl qui se r\u00e9unissent dans un grand moment de v\u00e9ritable fraternit\u00e9 universelle autour de la nativit\u00e9.<\/p>\n\n\n\n<p>\u00c0 partir de 1988, il est organis\u00e9 r\u00e9guli\u00e8rement tous les 4 ans dans un \u00c9tat, une r\u00e9gion et\/ou une ville diff\u00e9rente, o\u00f9 des centaines et des centaines d&rsquo;amateurs de cr\u00e8ches de No\u00ebl du monde entier ont l&rsquo;occasion de se rencontrer et de d\u00e9couvrir toutes les traditions de la cr\u00e8che de No\u00ebl de la r\u00e9gion, qui est choisie et approuv\u00e9e apr\u00e8s une analyse minutieuse du Conseil international Un.Foe.Prae.<\/p>\n","protected":false},"excerpt":{"rendered":"<p>Depuis la premi\u00e8re \u00e9dition qui s&rsquo;est tenue en 1952 \u00e0 Barcelone, le Congr\u00e8s est le rendez-vous principal et le plus important d&rsquo;envergure mondiale pour les associations, les f\u00e9d\u00e9rations, les amis et les passionn\u00e9s de cr\u00e8ches de No\u00ebl qui se r\u00e9unissent dans un grand moment de v\u00e9ritable fraternit\u00e9 universelle autour de la nativit\u00e9. \u00c0 partir de [&hellip;]<\/p>\n","protected":false},"author":1,"featured_media":0,"parent":1530,"menu_order":30,"comment_status":"closed","ping_status":"closed","template":"template_congressi.php","meta":{"_acf_changed":false,"footnotes":""},"class_list":["post-1536","page","type-page","status-publish","hentry"],"acf":[],"yoast_head":"<!-- This site is optimized with the Yoast SEO plugin v27.2 - https:\/\/yoast.com\/product\/yoast-seo-wordpress\/ -->\n<title>Congr\u00e8s internationaux - Universalis Foederatio Presepistica<\/title>\n<meta name=\"robots\" content=\"index, follow, max-snippet:-1, max-image-preview:large, max-video-preview:-1\" \/>\n<link rel=\"canonical\" href=\"https:\/\/www.unfoeprae.org\/fr\/unfoeprae\/congressi-internazionali\/\" \/>\n<meta property=\"og:locale\" content=\"fr_FR\" \/>\n<meta property=\"og:type\" content=\"article\" \/>\n<meta property=\"og:title\" content=\"Congr\u00e8s internationaux - Universalis Foederatio Presepistica\" \/>\n<meta property=\"og:description\" content=\"Depuis la premi\u00e8re \u00e9dition qui s&rsquo;est tenue en 1952 \u00e0 Barcelone, le Congr\u00e8s est le rendez-vous principal et le plus important d&rsquo;envergure mondiale pour les associations, les f\u00e9d\u00e9rations, les amis et les passionn\u00e9s de cr\u00e8ches de No\u00ebl qui se r\u00e9unissent dans un grand moment de v\u00e9ritable fraternit\u00e9 universelle autour de la nativit\u00e9. \u00c0 partir de [&hellip;]\" \/>\n<meta property=\"og:url\" content=\"https:\/\/www.unfoeprae.org\/fr\/unfoeprae\/congressi-internazionali\/\" \/>\n<meta property=\"og:site_name\" content=\"Universalis Foederatio Presepistica\" \/>\n<meta property=\"article:modified_time\" content=\"2023-10-26T14:55:05+00:00\" \/>\n<meta name=\"twitter:card\" content=\"summary_large_image\" \/>\n<meta name=\"twitter:label1\" content=\"Dur\u00e9e de lecture estim\u00e9e\" \/>\n\t<meta name=\"twitter:data1\" content=\"1 minute\" \/>\n<script type=\"application\/ld+json\" class=\"yoast-schema-graph\">{\"@context\":\"https:\/\/schema.org\",\"@graph\":[{\"@type\":\"WebPage\",\"@id\":\"https:\/\/www.unfoeprae.org\/fr\/unfoeprae\/congressi-internazionali\/\",\"url\":\"https:\/\/www.unfoeprae.org\/fr\/unfoeprae\/congressi-internazionali\/\",\"name\":\"Congr\u00e8s internationaux - Universalis Foederatio Presepistica\",\"isPartOf\":{\"@id\":\"https:\/\/www.unfoeprae.org\/fr\/#website\"},\"datePublished\":\"2023-09-14T12:27:51+00:00\",\"dateModified\":\"2023-10-26T14:55:05+00:00\",\"breadcrumb\":{\"@id\":\"https:\/\/www.unfoeprae.org\/fr\/unfoeprae\/congressi-internazionali\/#breadcrumb\"},\"inLanguage\":\"fr-FR\",\"potentialAction\":[{\"@type\":\"ReadAction\",\"target\":[\"https:\/\/www.unfoeprae.org\/fr\/unfoeprae\/congressi-internazionali\/\"]}]},{\"@type\":\"BreadcrumbList\",\"@id\":\"https:\/\/www.unfoeprae.org\/fr\/unfoeprae\/congressi-internazionali\/#breadcrumb\",\"itemListElement\":[{\"@type\":\"ListItem\",\"position\":1,\"name\":\"Home\",\"item\":\"https:\/\/www.unfoeprae.org\/fr\/\"},{\"@type\":\"ListItem\",\"position\":2,\"name\":\"F\u00e9d\u00e9ration Internationale Des Amis de la Cr\u00e8che De No\u00ebl\",\"item\":\"https:\/\/www.unfoeprae.org\/fr\/unfoeprae\/\"},{\"@type\":\"ListItem\",\"position\":3,\"name\":\"Congr\u00e8s internationaux\"}]},{\"@type\":\"WebSite\",\"@id\":\"https:\/\/www.unfoeprae.org\/fr\/#website\",\"url\":\"https:\/\/www.unfoeprae.org\/fr\/\",\"name\":\"Universalis Foederatio Presepistica\",\"description\":\"Preservare, coltivare, sostenere, far rivivere e promuovere la diversit\u00e0 culturale e artistica della tradizione di Presepi nei vari paesi del mondo.\",\"potentialAction\":[{\"@type\":\"SearchAction\",\"target\":{\"@type\":\"EntryPoint\",\"urlTemplate\":\"https:\/\/www.unfoeprae.org\/fr\/?s={search_term_string}\"},\"query-input\":{\"@type\":\"PropertyValueSpecification\",\"valueRequired\":true,\"valueName\":\"search_term_string\"}}],\"inLanguage\":\"fr-FR\"}]}<\/script>\n<!-- \/ Yoast SEO plugin. -->","yoast_head_json":{"title":"Congr\u00e8s internationaux - Universalis Foederatio Presepistica","robots":{"index":"index","follow":"follow","max-snippet":"max-snippet:-1","max-image-preview":"max-image-preview:large","max-video-preview":"max-video-preview:-1"},"canonical":"https:\/\/www.unfoeprae.org\/fr\/unfoeprae\/congressi-internazionali\/","og_locale":"fr_FR","og_type":"article","og_title":"Congr\u00e8s internationaux - Universalis Foederatio Presepistica","og_description":"Depuis la premi\u00e8re \u00e9dition qui s&rsquo;est tenue en 1952 \u00e0 Barcelone, le Congr\u00e8s est le rendez-vous principal et le plus important d&rsquo;envergure mondiale pour les associations, les f\u00e9d\u00e9rations, les amis et les passionn\u00e9s de cr\u00e8ches de No\u00ebl qui se r\u00e9unissent dans un grand moment de v\u00e9ritable fraternit\u00e9 universelle autour de la nativit\u00e9. \u00c0 partir de [&hellip;]","og_url":"https:\/\/www.unfoeprae.org\/fr\/unfoeprae\/congressi-internazionali\/","og_site_name":"Universalis Foederatio Presepistica","article_modified_time":"2023-10-26T14:55:05+00:00","twitter_card":"summary_large_image","twitter_misc":{"Dur\u00e9e de lecture estim\u00e9e":"1 minute"},"schema":{"@context":"https:\/\/schema.org","@graph":[{"@type":"WebPage","@id":"https:\/\/www.unfoeprae.org\/fr\/unfoeprae\/congressi-internazionali\/","url":"https:\/\/www.unfoeprae.org\/fr\/unfoeprae\/congressi-internazionali\/","name":"Congr\u00e8s internationaux - Universalis Foederatio Presepistica","isPartOf":{"@id":"https:\/\/www.unfoeprae.org\/fr\/#website"},"datePublished":"2023-09-14T12:27:51+00:00","dateModified":"2023-10-26T14:55:05+00:00","breadcrumb":{"@id":"https:\/\/www.unfoeprae.org\/fr\/unfoeprae\/congressi-internazionali\/#breadcrumb"},"inLanguage":"fr-FR","potentialAction":[{"@type":"ReadAction","target":["https:\/\/www.unfoeprae.org\/fr\/unfoeprae\/congressi-internazionali\/"]}]},{"@type":"BreadcrumbList","@id":"https:\/\/www.unfoeprae.org\/fr\/unfoeprae\/congressi-internazionali\/#breadcrumb","itemListElement":[{"@type":"ListItem","position":1,"name":"Home","item":"https:\/\/www.unfoeprae.org\/fr\/"},{"@type":"ListItem","position":2,"name":"F\u00e9d\u00e9ration Internationale Des Amis de la Cr\u00e8che De No\u00ebl","item":"https:\/\/www.unfoeprae.org\/fr\/unfoeprae\/"},{"@type":"ListItem","position":3,"name":"Congr\u00e8s internationaux"}]},{"@type":"WebSite","@id":"https:\/\/www.unfoeprae.org\/fr\/#website","url":"https:\/\/www.unfoeprae.org\/fr\/","name":"Universalis Foederatio Presepistica","description":"Preservare, coltivare, sostenere, far rivivere e promuovere la diversit\u00e0 culturale e artistica della tradizione di Presepi nei vari paesi del mondo.","potentialAction":[{"@type":"SearchAction","target":{"@type":"EntryPoint","urlTemplate":"https:\/\/www.unfoeprae.org\/fr\/?s={search_term_string}"},"query-input":{"@type":"PropertyValueSpecification","valueRequired":true,"valueName":"search_term_string"}}],"inLanguage":"fr-FR"}]}},"_links":{"self":[{"href":"https:\/\/www.unfoeprae.org\/fr\/wp-json\/wp\/v2\/pages\/1536","targetHints":{"allow":["GET"]}}],"collection":[{"href":"https:\/\/www.unfoeprae.org\/fr\/wp-json\/wp\/v2\/pages"}],"about":[{"href":"https:\/\/www.unfoeprae.org\/fr\/wp-json\/wp\/v2\/types\/page"}],"author":[{"embeddable":true,"href":"https:\/\/www.unfoeprae.org\/fr\/wp-json\/wp\/v2\/users\/1"}],"replies":[{"embeddable":true,"href":"https:\/\/www.unfoeprae.org\/fr\/wp-json\/wp\/v2\/comments?post=1536"}],"version-history":[{"count":1,"href":"https:\/\/www.unfoeprae.org\/fr\/wp-json\/wp\/v2\/pages\/1536\/revisions"}],"predecessor-version":[{"id":1538,"href":"https:\/\/www.unfoeprae.org\/fr\/wp-json\/wp\/v2\/pages\/1536\/revisions\/1538"}],"up":[{"embeddable":true,"href":"https:\/\/www.unfoeprae.org\/fr\/wp-json\/wp\/v2\/pages\/1530"}],"wp:attachment":[{"href":"https:\/\/www.unfoeprae.org\/fr\/wp-json\/wp\/v2\/media?parent=1536"}],"curies":[{"name":"wp","href":"https:\/\/api.w.org\/{rel}","templated":true}]}}